{"id":221,"date":"2024-07-02T17:27:01","date_gmt":"2024-07-02T14:27:01","guid":{"rendered":"https:\/\/pirtukxaneyajinenkurdistan.com\/?page_id=221"},"modified":"2024-11-14T21:12:03","modified_gmt":"2024-11-14T18:12:03","slug":"nagihan-akarsel","status":"publish","type":"page","link":"https:\/\/pirtukxaneyajinenkurdistan.com\/ku\/nagihan-akarsel\/","title":{"rendered":"Nagihan Akarsel K\u00ee Ye?"},"content":{"rendered":"<p>Nagihan Akarsel di sala 1976\u2019an de li bajarok\u00ea Golyaz\u00ee ya nav\u00e7eya C\u00eehanbeyl\u00ee li bajar\u00ea Konyay\u00ea ji day\u00eek b\u00fb. Nav\u00ea gund bi kurd\u00ee Xel\u00eekan e. Gund\u00ea Kurdan e. Gel\u00ea wir ji xwe re dib\u00eajin Kurmanc. Ew tefandina agir pi\u015ft\u00ee hilatina roj\u00ea guneh dib\u00eenin \u00fb agir bi av\u00ea natef\u00eenin. Nagihan li ser \u00e7avkaniya van kevne\u015fopiyan gelek l\u00eakol\u00een dike. Her \u00e7iqas gund gundek\u00ee Hanef\u00ee ye j\u00ee, Nagihan t\u00eakiliya bingeh\u00ea \u015f\u00eaney\u00ean gund\u00ea xwe bi \u00cazdayet\u00ee \u00fb Elew\u00eetiy\u00ea ve gir\u00ea dide \u00fb \u015f\u00eap\u00ean gund\u00ea xwe digIh\u00eene her\u00eama Melet\u00ee-D\u00earsim\u00ea. Hezkirina xwe ya ji D\u00earsim \u00fb \u015eengal\u00ea re j\u00ee bi v\u00ea yek\u00ea ve gir\u00ea dide. Z\u00eelan zarokatiya xweli gund\u00ea xwe kir. Gund\u00ea w\u00ea ne gundek\u00ee av\u00ee ye \u00fb gelek zeviy\u00ean genim hene. Lewra li cem wan, genim pir bi nirx e. Nagihan tama b\u00eeran\u00een\u00ean xwe y\u00ean zarokatiy\u00ea ji b\u00eer nekirib\u00fbn, k\u00ealiy\u00ean ku zarok\u00ean gund ji bo ku b\u00eahna axa bi baran\u00ea \u015fil b\u00fby\u00ee bigrin, bi ling\u00ean taz\u00ee dil\u00eestin \u00fb di\u00e7\u00fbn nava genim, her tim di b\u00eera w\u00ea de b\u00fbn. H\u00ea ji zarokatiya xwe ve \u00e7\u00eerok\u00ean jinan di\u015fop\u00eene. T\u00eakiliya xwe bi bav\u00ea xwe re li ser h\u00eem\u00ea hevaltiy\u00ea p\u00ea\u015f dixe. Qas\u00ee ku bi \u00e7anda xwe ve gir\u00eaday\u00ee ew qas j\u00ee li hember hi\u015fmendiya baviksalar\u00ee j\u00ee xwed\u00ee seknek\u00ea bi israr e. Dibistana seretay\u00ee, nav\u00een \u00fb amadey\u00ee li gund\u00ea xwe dixw\u00eene. Di dibistan\u00ea de pir j\u00eer e. Dema derbas\u00ee xwandina zan\u00eengeh\u00ea dibe, ji gund\u00ea xwe derdikeve. Li Zan\u00eengeha Gaz\u00ee ya Enqerey\u00ea be\u015f\u00ea Ragihandin\u00ea dixw\u00eene. Li zan\u00eengeh\u00ea di nava xebat\u00ean Yek\u00eatiya Ciwan\u00ean Kurdistan\u00ea (YCK)cih digire. R\u00fbken\u00ee \u00fb l\u00eager\u00een\u00ean w\u00ea wek roj \u00fb ax hev temam dikirin. Di desp\u00eaka zan\u00eengeh\u00ea de, xwe ji sarb\u00fbn \u00fb materyal\u00eezma jiyana baj\u00ear d\u00fbr dixe \u00fb ber\u00ea xwe dide cih\u00ean ku jiyana kom\u00eenal \u00fb hevalt\u00ee l\u00ea heye. Ev l\u00eager\u00een w\u00ea di destp\u00eakirina xebat\u00ean YCK\u2019\u00ea de j\u00ee bi bandor in. Ji xwendina rojnamegeriy\u00ea hez dike, l\u00ea qet nafikire ku di nava s\u00eestema hey\u00ee de xwed\u00ee cihek\u00ee bibe \u00fb ber\u00ea xwe dide r\u00eaya t\u00eako\u015f\u00een\u00ea. Dema ku t\u00eako\u015f\u00eena gel\u00ea xwe nas dike, ji Xel\u00eekan ber bi Kurdistan\u00ea \u00fb ji Kurdistan\u00ea ber bi gerd\u00fbn\u00ea ve diherike. Hezkirina welat bi k\u00fbrah\u00ee dij\u00ee. Ji ber v\u00ea yek\u00ea j\u00ee t\u00eagihi\u015ftin \u00fb h\u00eeskirina rastiya Abdullah \u00d6calan di kesayeta xwe de ava dike.<\/p>\n<h5>Ji ber \u00e7alakiy\u00ean siyas\u00ee hate girtin<\/h5>\n<p>Di sal\u00ean 2001-2007\u2019an de bi hinceta \u2018xebat\u00ean siyas\u00ee li zan\u00eengehan dike\u2019, hate girtin. Pi\u015ft\u00ee ku ji girt\u00eegeh\u00ea derket, di navbera sal\u00ean 2008-2014\u2019an de li Ajansa D\u00eecley\u00ea ed\u00eetor\u00ee \u00fb n\u00fb\u00e7eg\u00eehaniy\u00ea dike. Di v\u00ea p\u00eavajoy\u00ea de, li ser azadiya jin\u00ea l\u00eakolin\u00ean xwe k\u00fbr dike. Pi\u015ft re di damezrandina yekem\u00een ajansa jinan ya JINHA de cih digire. Di p\u00ea\u015fxistina rojnamegeriya jin\u00ean Kurd de kedkar, mamoste, heval \u00fb r\u00eaheval b\u00fb. Derdor\u00ea xwe hem\u00eaz \u00fb ava dikir. Ten\u00ea bi Kurdistan\u00ea res\u00eenordar nam\u00eene, bi jin\u00ean ji p\u00eakhatey\u00ean cuda re j\u00ee t\u00eakil\u00ee \u00fb dostaniy\u00ea p\u00ea\u015f dixe.<\/p>\n<h5>Di xebat\u00ean Akademiya Jineoloj\u00ee de cih girt<\/h5>\n<p>Xebata Jineolojiy\u00ea ya ku Abdullah \u00d6calan pir gir\u00eengiy\u00ea did\u00ea, di asta her\u00ee jor de hem di war\u00ea akadem\u00eek \u00fb hem j\u00ee di aliy\u00ea saz\u00ee \u00fb dezgehan de p\u00ea\u015f dixe \u00fb dime\u015f\u00eene. Di desp\u00eaka p\u00eavajoya sazb\u00fbna Jineolojiy\u00ea de, be\u015fdar\u00ee xebat\u00ean Akademiya Jineolojiy\u00ea dibe. Di p\u00eavajoya damezrandina kovara Jineolojiy\u00ea de gelek\u00ee dixebite. Ew endam\u00ea desteya we\u015fan\u00ea ya kovar\u00ea ye \u00fb bi gotar\u00ean xwe w\u00ea dewlemed dike. Ji bo ku kovara Jineolojiy\u00ea bibe platforma azadiya jin\u00ea, w\u00ea tu car\u00ee dest ji vekirina deriy\u00ean n\u00fb berneda. Li gelek dever\u00ean Bakur, Ba\u015fur \u00fb Rojavay\u00ea Kurdistan\u00ea xebat\u00ean l\u00eakol\u00een \u00fb perwerdey\u00ea dike. Bi hezaran mirovan perwerde dike \u00fb di gelek rojname \u00fb kovaran de diniv\u00eese. Dever\u00ean di\u00e7e bi taybet\u00ee ji bo ciwanan dibe navendeke balk\u00ea\u015f. Ew zarokan, day\u00eek j\u00ee w\u00ea hem\u00eaz dikin. Xebata xwe ya civaknasiy\u00ea ya li Efr\u00een \u00fb \u015eengal\u00ea, pi\u015ft\u00ee sala 2018\u2019an li cih\u00ean c\u00fbda didom\u00eene. Weke keseke ev\u00eendara \u00e7anda Hewreman \u00fb \u00e7anda berxwedaniya jina Rojhilat\u00ea, l\u00eakol\u00een\u00ean xwe y\u00ean di v\u00ee war\u00ee de didom\u00eene, l\u00ea ji ber ku nikare derbas\u00ee Rojhilat\u00ea Kurdistan\u00ea bibe her tim aliyek\u00ea xwe k\u00eam dib\u00eene.<\/p>\n<h5>Du sal\u00ean w\u00ea y\u00ean daw\u00ee<\/h5>\n<p>Ji sala 2019\u2019an heta roja \u015fehadeta xwe, ji bo p\u00ea\u015fxistina xebat\u00ean jineolojiy\u00ea li her\u00eama Ba\u015fur\u00ea Kurdistan\u00ea b\u00eawestan, xebat kir. Tev\u00ee ku n\u00fb hewl dide f\u00ear\u00ee zaravay\u00ea soran\u00ee bibe j\u00ee, li her\u00eama ba\u015fur\u00ea Kurdistan\u00ea de bi dehan perwerde, kurs \u00fb sem\u00eeneran li ser jineolojiy\u00ea dide. Bi ciwanan re kamp\u00ean Jineolojiy\u00ea r\u00eaxistin dike. Di van 2 sal in daw\u00ee de j\u00ee, ji bo ku l\u00eakolin\u00ean jin\u00ean Kurdistan\u00ee y\u00ean li ser nirx \u00fb \u00e7anda devok\u00ee berhev bike, bi kelecaneke mezin dest bi xebata r\u00eaxistineke ku p\u00ea\u015fengiya ron\u00eekirina jinan ava bike, dike . Ji bo v\u00ea j\u00ee bi sebir, weke ku bi derziy\u00ea b\u00eerek\u00ea dikole, ji bo avakirina Pirt\u00fbkxane, Ar\u015f\u00eev \u00fb Navenda L\u00eakol\u00een\u00ea ya Jin\u00ean Kurd xebit\u00ee. Tev\u00ee hem\u00fb asteng\u00ee \u00fb zehmetiyan j\u00ee li ser baweriy\u00ea ku \u015fore\u015fa Ba\u015f\u00fbr w\u00ea bibe \u015fore\u015fa jin\u00ea me\u015fiya \u00fb tu car\u00ee j\u00ee ev h\u00eaviya xwe winda nekir. Ji dervey\u00ee van karan hem\u00fbyan j\u00ee, hesreta w\u00ea ya her\u00ee mezin bi daw\u00eekirina romana xwe ya p\u00eavajoya hevd\u00eetina bi rastiya Abdullah \u00d6calan re b\u00fb. L\u00ea mixabin ne giha v\u00ea hesreta xwe p\u00eak b\u00eene. Nag\u00eehan di her k\u00ealiya jiyana xwe de, aqilmendiya d\u00eeroka jin\u00ea derxist hol\u00ea. Ev aqil, aqilek\u00ee ku desthilatdariya m\u00ear red dike, cewhera jin \u00fb civak\u00ea dipar\u00eaze \u00fb hi\u015fmendiya ekoloj\u00eek bi r\u00fbmet dike ye. Bi v\u00ea aqilmend\u00ee\u00fb l\u00eager\u00eena xwe ya heq\u00eeqet\u00ea, li hember\u00ee komploger\u00ean d\u00eerok\u00ea, desthilatdariya m\u00ear ya qirker \u00fb dagirkeran her tim b\u00fbye \u015fervana<br \/>\np\u00eeroziy\u00ea. D\u00ea q\u00ear\u00eena tako\u015fina w\u00ea, roj bi roj mezin bibe \u00fb rastiya JIN JIYAN AZADI\u2019y\u00ea j\u00ee w\u00ea li her der\u00ea belav bibe. Ev \u00ear\u00ee\u015f, \u00ear\u00ee\u015fa li dij\u00ee bilindkirina t\u00eako\u015f\u00eena jin\u00ea \u00fb helwesta azadiy\u00ea ye; Ev tolhildana li dij\u00ee jin\u00ean fedayiy\u00ean<br \/>\nazadiy\u00ea ye. Nagihan ronah\u00ee, hi\u015fmend\u00ee, h\u00eav\u00ee \u00fb bedewiya jinan b\u00fb. Xwed\u00ee li w\u00ea derketin, parastina bedew\u00ee, ba\u015f\u00ee \u00fb azadiy\u00ea ye. Enerj\u00ee \u00fb ev\u00eena jiyana Nagihan w\u00ea bibe r\u00eanas\u00eena me hem\u00fbyan. Em \u00ea li pey xeyal \u00fb hesret\u00ean w\u00ea bin. Em t\u00eako\u015f\u00eena w\u00ee b\u00eadaw\u00ee nah\u00ealin.<\/p>\n","protected":false},"excerpt":{"rendered":"<p>Nagihan Akarsel di sala 1976\u2019an de li bajarok\u00ea Golyaz\u00ee ya nav\u00e7eya C\u00eehanbeyl\u00ee li bajar\u00ea Konyay\u00ea ji day\u00eek b\u00fb. Nav\u00ea gund bi kurd\u00ee Xel\u00eekan e. Gund\u00ea Kurdan e. Gel\u00ea wir ji xwe re dib\u00eajin Kurmanc. Ew tefandina agir pi\u015ft\u00ee hilatina roj\u00ea&#8230;<\/p>\n","protected":false},"author":2,"featured_media":522,"parent":0,"menu_order":0,"comment_status":"closed","ping_status":"closed","template":"","meta":{"footnotes":""},"class_list":["post-221","page","type-page","status-publish","has-post-thumbnail","hentry"],"rttpg_featured_image_url":{"full":["https:\/\/pirtukxaneyajinenkurdistan.com\/ku\/wp-content\/uploads\/2024\/10\/Nagihan-Akarsel.jpg",694,960,false],"landscape":["https:\/\/pirtukxaneyajinenkurdistan.com\/ku\/wp-content\/uploads\/2024\/10\/Nagihan-Akarsel.jpg",694,960,false],"portraits":["https:\/\/pirtukxaneyajinenkurdistan.com\/ku\/wp-content\/uploads\/2024\/10\/Nagihan-Akarsel.jpg",694,960,false],"thumbnail":["https:\/\/pirtukxaneyajinenkurdistan.com\/ku\/wp-content\/uploads\/2024\/10\/Nagihan-Akarsel-150x150.jpg",150,150,true],"medium":["https:\/\/pirtukxaneyajinenkurdistan.com\/ku\/wp-content\/uploads\/2024\/10\/Nagihan-Akarsel-217x300.jpg",217,300,true],"large":["https:\/\/pirtukxaneyajinenkurdistan.com\/ku\/wp-content\/uploads\/2024\/10\/Nagihan-Akarsel.jpg",640,885,false],"1536x1536":["https:\/\/pirtukxaneyajinenkurdistan.com\/ku\/wp-content\/uploads\/2024\/10\/Nagihan-Akarsel.jpg",694,960,false],"2048x2048":["https:\/\/pirtukxaneyajinenkurdistan.com\/ku\/wp-content\/uploads\/2024\/10\/Nagihan-Akarsel.jpg",694,960,false],"gucherry-blog-thumbnail-one":["https:\/\/pirtukxaneyajinenkurdistan.com\/ku\/wp-content\/uploads\/2024\/10\/Nagihan-Akarsel-694x450.jpg",694,450,true],"gucherry-blog-thumbnail-two":["https:\/\/pirtukxaneyajinenkurdistan.com\/ku\/wp-content\/uploads\/2024\/10\/Nagihan-Akarsel-300x300.jpg",300,300,true],"psacp-medium":["https:\/\/pirtukxaneyajinenkurdistan.com\/ku\/wp-content\/uploads\/2024\/10\/Nagihan-Akarsel.jpg",361,500,false]},"rttpg_author":{"display_name":"admin","author_link":"https:\/\/pirtukxaneyajinenkurdistan.com\/ku\/naverok\/author\/admin-2\/"},"rttpg_comment":0,"rttpg_category":null,"rttpg_excerpt":"Nagihan Akarsel di sala 1976\u2019an de li bajarok\u00ea Golyaz\u00ee ya nav\u00e7eya C\u00eehanbeyl\u00ee li bajar\u00ea Konyay\u00ea ji day\u00eek b\u00fb. Nav\u00ea gund bi kurd\u00ee Xel\u00eekan e. Gund\u00ea Kurdan e. Gel\u00ea wir ji xwe re dib\u00eajin Kurmanc. Ew tefandina agir pi\u015ft\u00ee hilatina roj\u00ea...","_links":{"self":[{"href":"https:\/\/pirtukxaneyajinenkurdistan.com\/ku\/wp-json\/wp\/v2\/pages\/221","targetHints":{"allow":["GET"]}}],"collection":[{"href":"https:\/\/pirtukxaneyajinenkurdistan.com\/ku\/wp-json\/wp\/v2\/pages"}],"about":[{"href":"https:\/\/pirtukxaneyajinenkurdistan.com\/ku\/wp-json\/wp\/v2\/types\/page"}],"author":[{"embeddable":true,"href":"https:\/\/pirtukxaneyajinenkurdistan.com\/ku\/wp-json\/wp\/v2\/users\/2"}],"replies":[{"embeddable":true,"href":"https:\/\/pirtukxaneyajinenkurdistan.com\/ku\/wp-json\/wp\/v2\/comments?post=221"}],"version-history":[{"count":6,"href":"https:\/\/pirtukxaneyajinenkurdistan.com\/ku\/wp-json\/wp\/v2\/pages\/221\/revisions"}],"predecessor-version":[{"id":533,"href":"https:\/\/pirtukxaneyajinenkurdistan.com\/ku\/wp-json\/wp\/v2\/pages\/221\/revisions\/533"}],"wp:featuredmedia":[{"embeddable":true,"href":"https:\/\/pirtukxaneyajinenkurdistan.com\/ku\/wp-json\/wp\/v2\/media\/522"}],"wp:attachment":[{"href":"https:\/\/pirtukxaneyajinenkurdistan.com\/ku\/wp-json\/wp\/v2\/media?parent=221"}],"curies":[{"name":"wp","href":"https:\/\/api.w.org\/{rel}","templated":true}]}}